{"id":369,"date":"2013-09-24T22:50:13","date_gmt":"2013-09-24T21:50:13","guid":{"rendered":"http:\/\/www.hoehle.at\/wordpress\/?page_id=369"},"modified":"2025-03-10T20:19:16","modified_gmt":"2025-03-10T19:19:16","slug":"vorstandsteam","status":"publish","type":"page","link":"http:\/\/www.hoehle.at\/wordpress\/verein\/vorstandsteam\/","title":{"rendered":"Vorstandsteam"},"content":{"rendered":"<p style=\"text-align: left;\"><strong><a href=\"http:\/\/www.hoehle.at\/wordpress\/wp-content\/uploads\/2013\/09\/Robert-Seebacher2.jpg\"><img loading=\"lazy\" decoding=\"async\" class=\"size-full wp-image-787 aligncenter\" src=\"http:\/\/www.hoehle.at\/wordpress\/wp-content\/uploads\/2013\/09\/Robert-Seebacher2.jpg\" alt=\"Robert Seebacher\" width=\"118\" height=\"160\" \/><\/a><\/strong><\/p>\n<p style=\"text-align: center;\"><strong>Robert Seebacher:<\/strong><\/p>\n<p style=\"color: #333333; font-style: normal; line-height: 24.375px; text-align: center;\"><span style=\"color: #c0c0c0;\">Obmann, Kataster, Forschungsleiter, Homepage<\/span><\/p>\n<hr \/>\n<p style=\"text-align: left;\"><img loading=\"lazy\" decoding=\"async\" class=\"size-full wp-image-383 aligncenter\" src=\"http:\/\/www.hoehle.at\/wordpress\/wp-content\/uploads\/2013\/09\/Peter-Jeutter.jpg\" alt=\"OLYMPUS DIGITAL CAMERA\" width=\"113\" height=\"160\" \/><\/p>\n<p style=\"text-align: center;\"><strong>Peter Jeutter:<\/strong><\/p>\n<p style=\"text-align: center;\">Obmann Stellvertreter, Auslandsreferent, Materialeinkauf<\/p>\n<hr \/>\n<p><strong><a href=\"http:\/\/www.hoehle.at\/wordpress\/wp-content\/uploads\/2013\/09\/Heidrun-Andr\u00e9.jpg\"><img loading=\"lazy\" decoding=\"async\" class=\"size-full wp-image-389 aligncenter\" src=\"http:\/\/www.hoehle.at\/wordpress\/wp-content\/uploads\/2013\/09\/Heidrun-Andr\u00e9.jpg\" alt=\"Heidrun Andr\u00e9\" width=\"127\" height=\"160\" \/><\/a><\/strong><\/p>\n<p style=\"text-align: center;\"><strong>Heidrun Andr\u00e9:<\/strong><\/p>\n<p style=\"text-align: center;\">Schriftf\u00fchrerin, Kassierin Stellvertreterin<\/p>\n<hr \/>\n<p><img decoding=\"async\" class=\"aligncenter\" src=\"http:\/\/www.hoehle.at\/wordpress\/wp-content\/uploads\/2013\/09\/Monika-Steinberger.jpg\" alt=\"Monika Steinberger\" \/><\/p>\n<p style=\"text-align: center;\"><strong>Monika Steinberger:<\/strong><\/p>\n<p style=\"text-align: center;\">Kassierin, Schriftf\u00fchrerin Stellvertreterin<\/p>\n<hr \/>\n<p style=\"text-align: left;\"><strong><a href=\"http:\/\/www.hoehle.at\/wordpress\/wp-content\/uploads\/2013\/09\/Theresia-H\u00fcttner.jpg\"><img loading=\"lazy\" decoding=\"async\" class=\"size-full wp-image-385 aligncenter\" src=\"http:\/\/www.hoehle.at\/wordpress\/wp-content\/uploads\/2013\/09\/Theresia-H\u00fcttner.jpg\" alt=\"Theresia H\u00fcttner\" width=\"123\" height=\"160\" \/><\/a><\/strong><\/p>\n<p style=\"text-align: center;\"><strong>Theresia H\u00fcttner:<\/strong><\/p>\n<p style=\"text-align: center;\">Beir\u00e4tin<\/p>\n<hr \/>\n<p style=\"text-align: left;\"><strong><a href=\"http:\/\/www.hoehle.at\/wordpress\/wp-content\/uploads\/2013\/09\/Ernest-Geyer.jpg\"><img loading=\"lazy\" decoding=\"async\" class=\"size-full wp-image-387 aligncenter\" src=\"http:\/\/www.hoehle.at\/wordpress\/wp-content\/uploads\/2013\/09\/Ernest-Geyer.jpg\" alt=\"Ernest Geyer\" width=\"118\" height=\"160\" \/><\/a><\/strong><\/p>\n<p style=\"text-align: center;\"><strong>Ernest Geyer:<\/strong><\/p>\n<p style=\"text-align: center;\">Katasterwart, Tourenwart, Publikationen<\/p>\n<hr \/>\n<p style=\"text-align: center;\">\n<p style=\"text-align: left;\">\n<p style=\"text-align: center;\">\n<p style=\"text-align: left;\"><strong><a href=\"http:\/\/www.hoehle.at\/wordpress\/wp-content\/uploads\/2013\/09\/Josef-Hasitschka.jpg\"><img loading=\"lazy\" decoding=\"async\" class=\"size-full wp-image-394 aligncenter\" src=\"http:\/\/www.hoehle.at\/wordpress\/wp-content\/uploads\/2013\/09\/Josef-Hasitschka.jpg\" alt=\"Josef Hasitschka\" width=\"120\" height=\"160\" \/><\/a><\/strong><\/p>\n<p style=\"text-align: center;\"><strong>Josef Hasitschka:<\/strong><\/p>\n<p style=\"text-align: center;\">Archivar<\/p>\n<hr \/>\n<p style=\"text-align: left;\"><strong><a href=\"http:\/\/www.hoehle.at\/wordpress\/wp-content\/uploads\/2013\/09\/Khaleghi-Taraneh.bmp\"><img loading=\"lazy\" decoding=\"async\" class=\"size-full wp-image-696 aligncenter\" title=\"Khaleghi Taraneh\" src=\"http:\/\/www.hoehle.at\/wordpress\/wp-content\/uploads\/2013\/09\/Khaleghi-Taraneh.bmp\" alt=\"Khaleghi Taraneh\" width=\"128\" height=\"160\" \/><\/a><\/strong><\/p>\n<p style=\"text-align: center;\"><strong>Taraneh Khaleghi:<\/strong><\/p>\n<p style=\"text-align: center;\">Mitteilungen, Schriftentausch<\/p>\n<hr \/>\n<p style=\"text-align: left;\"><strong><a href=\"http:\/\/www.hoehle.at\/wordpress\/wp-content\/uploads\/2013\/09\/Franz-Schmidt.jpg\"><img loading=\"lazy\" decoding=\"async\" class=\"size-full wp-image-396 aligncenter\" src=\"http:\/\/www.hoehle.at\/wordpress\/wp-content\/uploads\/2013\/09\/Franz-Schmidt.jpg\" alt=\"Franz Schmidt\" width=\"122\" height=\"160\" \/><\/a><\/strong><\/p>\n<p style=\"text-align: center;\"><strong>Franz Schmidt:<\/strong><\/p>\n<p style=\"text-align: center;\">Vereinsheim, Material<\/p>\n<hr \/>\n<p style=\"text-align: left;\"><strong><a href=\"http:\/\/www.hoehle.at\/wordpress\/wp-content\/uploads\/2013\/09\/Hans-Stieg.jpg\"><img loading=\"lazy\" decoding=\"async\" class=\"size-full wp-image-398 aligncenter\" src=\"http:\/\/www.hoehle.at\/wordpress\/wp-content\/uploads\/2013\/09\/Hans-Stieg.jpg\" alt=\"Hans Stieg\" width=\"116\" height=\"160\" \/><\/a><\/strong><\/p>\n<p style=\"text-align: center;\"><strong>Johann Stieg:<\/strong><\/p>\n<p style=\"text-align: center;\">Jugend<\/p>\n<hr \/>\n<p style=\"text-align: left;\"><img loading=\"lazy\" decoding=\"async\" class=\"wp-image-2103 aligncenter\" src=\"http:\/\/www.hoehle.at\/wordpress\/wp-content\/uploads\/2013\/09\/IMG_8490-216x300.jpg\" alt=\"IMG_8490\" width=\"122\" height=\"166\" \/><\/p>\n<p style=\"text-align: center;\"><strong style=\"font-weight: bold; color: inherit;\">Christoph Peer:<\/strong><\/p>\n<p style=\"text-align: center;\">H\u00f6hlenrettung<\/p>\n","protected":false},"excerpt":{"rendered":"<p>Robert Seebacher: Obmann, Kataster, Forschungsleiter, Homepage Peter Jeutter: Obmann Stellvertreter, Auslandsreferent, Materialeinkauf Heidrun Andr\u00e9: Schriftf\u00fchrerin, Kassierin Stellvertreterin Monika Steinberger: Kassierin, Schriftf\u00fchrerin Stellvertreterin Theresia H\u00fcttner: Beir\u00e4tin Ernest Geyer: Katasterwart, Tourenwart, Publikationen Josef Hasitschka: Archivar Taraneh Khaleghi: Mitteilungen, Schriftentausch Franz Schmidt: Vereinsheim, &hellip; <a href=\"http:\/\/www.hoehle.at\/wordpress\/verein\/vorstandsteam\/\">Weiterlesen <span class=\"meta-nav\">&rarr;<\/span><\/a><\/p>\n","protected":false},"author":2,"featured_media":0,"parent":23,"menu_order":2,"comment_status":"closed","ping_status":"closed","template":"","meta":{"footnotes":""},"_links":{"self":[{"href":"http:\/\/www.hoehle.at\/wordpress\/wp-json\/wp\/v2\/pages\/369"}],"collection":[{"href":"http:\/\/www.hoehle.at\/wordpress\/wp-json\/wp\/v2\/pages"}],"about":[{"href":"http:\/\/www.hoehle.at\/wordpress\/wp-json\/wp\/v2\/types\/page"}],"author":[{"embeddable":true,"href":"http:\/\/www.hoehle.at\/wordpress\/wp-json\/wp\/v2\/users\/2"}],"replies":[{"embeddable":true,"href":"http:\/\/www.hoehle.at\/wordpress\/wp-json\/wp\/v2\/comments?post=369"}],"version-history":[{"count":52,"href":"http:\/\/www.hoehle.at\/wordpress\/wp-json\/wp\/v2\/pages\/369\/revisions"}],"predecessor-version":[{"id":2661,"href":"http:\/\/www.hoehle.at\/wordpress\/wp-json\/wp\/v2\/pages\/369\/revisions\/2661"}],"up":[{"embeddable":true,"href":"http:\/\/www.hoehle.at\/wordpress\/wp-json\/wp\/v2\/pages\/23"}],"wp:attachment":[{"href":"http:\/\/www.hoehle.at\/wordpress\/wp-json\/wp\/v2\/media?parent=369"}],"curies":[{"name":"wp","href":"https:\/\/api.w.org\/{rel}","templated":true}]}}